{"id":3930,"date":"2023-04-05T14:29:24","date_gmt":"2023-04-05T12:29:24","guid":{"rendered":"https:\/\/measline.com\/?page_id=3930"},"modified":"2023-10-10T09:24:15","modified_gmt":"2023-10-10T07:24:15","slug":"aktualnosci_stpvii","status":"publish","type":"page","link":"https:\/\/measline.com\/index.php\/pl\/aktualnosci_stpvii\/","title":{"rendered":"Aktualno\u015bci STPVII"},"content":{"rendered":"<p>[et_pb_section fb_built=&#8221;1&#8243; fullwidth=&#8221;on&#8221; _builder_version=&#8221;4.16&#8243; _module_preset=&#8221;default&#8221; global_colors_info=&#8221;{}&#8221;][\/et_pb_section][et_pb_section fb_built=&#8221;1&#8243; _builder_version=&#8221;4.16&#8243; _module_preset=&#8221;default&#8221; global_colors_info=&#8221;{}&#8221;][et_pb_row _builder_version=&#8221;4.16&#8243; _module_preset=&#8221;default&#8221; global_colors_info=&#8221;{}&#8221;][et_pb_column type=&#8221;4_4&#8243; _builder_version=&#8221;4.16&#8243; _module_preset=&#8221;default&#8221; global_colors_info=&#8221;{}&#8221;][et_pb_menu menu_id=&#8221;66&#8243; menu_style=&#8221;centered&#8221; active_link_color=&#8221;#000000&#8243; _builder_version=&#8221;4.20.4&#8243; _module_preset=&#8221;default&#8221; menu_font=&#8221;Asap Condensed|||on|||||&#8221; menu_font_size=&#8221;18px&#8221; global_colors_info=&#8221;{}&#8221;][\/et_pb_menu][\/et_pb_column][\/et_pb_row][\/et_pb_section][et_pb_section fb_built=&#8221;1&#8243; theme_builder_area=&#8221;post_content&#8221; _builder_version=&#8221;4.22.2&#8243; _module_preset=&#8221;default&#8221;][et_pb_row _builder_version=&#8221;4.22.2&#8243; _module_preset=&#8221;default&#8221; theme_builder_area=&#8221;post_content&#8221;][et_pb_column _builder_version=&#8221;4.22.2&#8243; _module_preset=&#8221;default&#8221; type=&#8221;4_4&#8243; theme_builder_area=&#8221;post_content&#8221;][et_pb_text _builder_version=&#8221;4.22.2&#8243; _module_preset=&#8221;default&#8221; theme_builder_area=&#8221;post_content&#8221; hover_enabled=&#8221;0&#8243; sticky_enabled=&#8221;0&#8243;]<\/p>\n<h1>Rozpocz\u0119cie rejestracji na VII Szko\u0142\u0119 Techniki Pr\u00f3\u017cniowej<\/h1>\n<p>W dniu 10.10.2023 rozpocz\u0119\u0142a si\u0119 rejestracja na VII Szko\u0142\u0119 Techniki Pr\u00f3\u017cniowej. Zapraszamy do rejestracji za po\u015brednictwem <a href=\"https:\/\/docs.google.com\/forms\/d\/1JV4e3DZRBfbeSc_BE_h99fCBpGtwFYvi8odrtCfjOjs\/viewform?edit_requested=true\" target=\"_blank\" rel=\"noopener\">formularza.<\/a> W przypadku pyta\u0144 prosimy o kontakt mailowy: stp@measline.com<\/p>\n<p>[\/et_pb_text][\/et_pb_column][\/et_pb_row][\/et_pb_section][et_pb_section fb_built=&#8221;1&#8243; disabled_on=&#8221;off|off|off&#8221; _builder_version=&#8221;4.22.2&#8243; _module_preset=&#8221;default&#8221; background_color=&#8221;rgba(148,216,84,0.28)&#8221; global_colors_info=&#8221;{}&#8221;][et_pb_row _builder_version=&#8221;4.16&#8243; _module_preset=&#8221;default&#8221; custom_padding=&#8221;||26px|||&#8221; global_colors_info=&#8221;{}&#8221;][et_pb_column type=&#8221;4_4&#8243; _builder_version=&#8221;4.16&#8243; _module_preset=&#8221;default&#8221; global_colors_info=&#8221;{}&#8221;][et_pb_text disabled_on=&#8221;off|off|off&#8221; _builder_version=&#8221;4.22.2&#8243; _module_preset=&#8221;default&#8221; custom_margin=&#8221;||-3px|||&#8221; global_colors_info=&#8221;{}&#8221;]<\/p>\n<h1><span style=\"color: #000000;\">\u00a0Zaproszenie do udzia\u0142u w XII Seminarium STM\/AFM\u00a0\u00a0<\/span><\/h1>\n<p><span style=\"color: #000000;\">\u00a0<\/span><\/p>\n<p><span style=\"color: #000000;\">Serdecznie zapraszamy do udzia\u0142u w\u00a0<\/span><span style=\"color: #000000;\"><a href=\"https:\/\/nanosam.pl\/stmafm2023\/index.html\" target=\"_blank\" rel=\"noopener\">XII Workshop on Applications of Scanning Probe Microscopy \u2013 STM\/AFM 2023<\/a>, kt\u00f3re odb\u0119dzie si\u0119 w dniach 29.11-3.12.2023 r. w Zakopanem. Seminarium przeznaczone jest dla naukowc\u00f3w, kt\u00f3rych zainteresowania naukowe dotycz\u0105 mikroskopii z sond\u0105 skanuj\u0105c\u0105 (SPM) tj. mikroskopii t<span>unelowej (STM), mikroskopii si\u0142 atomowych (AFM) i innych pokrewnych technik<\/span>. Jego celem jest interdyscyplinarne spotkanie naukowc\u00f3w reprezentuj\u0105cych r\u00f3\u017cne dziedziny nauki w zakresie bada\u0144 teoretycznych oraz eksperymentalnych.\u00a0<\/span><br \/><span style=\"color: #000000;\"><\/span><\/p>\n<p><span style=\"color: #000000;\">Tegoroczna VII Szko\u0142a Techniki Pr\u00f3\u017cniowej poprzedzi seminarium STM\/AFM. Program STP umo\u017cliwia pe\u0142ne uczestnictwo w Seminarium. Obydwa wydarzenia s\u0105 jednak organizowane i finansowane oddzielnie, a rejestracja przebiega niezale\u017cnie.\u00a0<\/span><\/p>\n<p><span style=\"color: #000000;\"><\/span><\/p>\n<p><span style=\"color: #000000;\">Podczas seminarium, w \u015brod\u0119 29.11 w godzinach popo\u0142udniowych zorganizowana zastanie <a href=\"https:\/\/nanosam.pl\/stmafm2023\/spm.html\">VIII Szko\u0142a skaningowej mikroskopii i spektroskopii bliskich oddzia\u0142ywa\u0144 SPM<\/a>. Udzia\u0142 w Szkole Techniki Pr\u00f3\u017cniowej umo\u017cliwia r\u00f3wnie\u017c nieodp\u0142atny udzia\u0142 w Szkole SPM.<\/span><\/p>\n<p><span style=\"color: #000000;\"><\/span><\/p>\n<p><span style=\"color: #000000;\"><\/span><\/p>\n<p>[\/et_pb_text][\/et_pb_column][\/et_pb_row][\/et_pb_section][et_pb_section fb_built=&#8221;1&#8243; _builder_version=&#8221;4.21.0&#8243; _module_preset=&#8221;default&#8221; background_color=&#8221;#FFFFFF&#8221; global_colors_info=&#8221;{}&#8221;][et_pb_row _builder_version=&#8221;4.21.0&#8243; _module_preset=&#8221;default&#8221; background_color=&#8221;rgba(140,216,69,0.48)&#8221; custom_padding=&#8221;||26px|||&#8221; global_colors_info=&#8221;{}&#8221;][et_pb_column type=&#8221;4_4&#8243; _builder_version=&#8221;4.16&#8243; _module_preset=&#8221;default&#8221; global_colors_info=&#8221;{}&#8221;][et_pb_text _builder_version=&#8221;4.21.0&#8243; _module_preset=&#8221;default&#8221; global_colors_info=&#8221;{}&#8221;]<\/p>\n<h1><span style=\"color: #000000;\">Nowy termin VII Szko\u0142y Techniki Pr\u00f3\u017cniowej 2023<\/span><\/h1>\n<p><span style=\"color: #000000;\">\u00a0<\/span><\/p>\n<p><span>Uprzejmie informujemy, \u017ce tegoroczna Szko\u0142a Techniki Pr\u00f3\u017cniowej odb\u0119dzie si\u0119\u00a0w terminie\u00a0<strong>27-29.11.2023 r. w Zakopanem<\/strong>. Szkolenie pr\u00f3\u017cniowe b\u0119dzie towarzyszy\u0107 Seminarium STM\/AFM odbywaj\u0105cemu si\u0119 w dniach 29.11-3.11.2023 r. Program Szkolenia umo\u017cliwia udzia\u0142 w Seminarium STM\/AFM, jednak wydarzenia si\u0119 finansowane oddzielnie <\/span><\/p>\n<p>[\/et_pb_text][\/et_pb_column][\/et_pb_row][\/et_pb_section][et_pb_section fb_built=&#8221;1&#8243; disabled_on=&#8221;on|on|on&#8221; _builder_version=&#8221;4.22.2&#8243; _module_preset=&#8221;default&#8221; background_color=&#8221;rgba(148,216,84,0.28)&#8221; disabled=&#8221;on&#8221; global_colors_info=&#8221;{}&#8221;][et_pb_row _builder_version=&#8221;4.16&#8243; _module_preset=&#8221;default&#8221; custom_padding=&#8221;||26px|||&#8221; global_colors_info=&#8221;{}&#8221;][et_pb_column type=&#8221;4_4&#8243; _builder_version=&#8221;4.16&#8243; _module_preset=&#8221;default&#8221; global_colors_info=&#8221;{}&#8221;][et_pb_text disabled_on=&#8221;off|off|off&#8221; _builder_version=&#8221;4.21.0&#8243; _module_preset=&#8221;default&#8221; custom_margin=&#8221;||-3px|||&#8221; global_colors_info=&#8221;{}&#8221;]<\/p>\n<h1><span style=\"color: #000000;\">Rozpoczynamy zapisy na VII Szko\u0142\u0119 Techniki Pr\u00f3\u017cniowej 2023<\/span><\/h1>\n<p><span style=\"color: #000000;\">\u00a0<\/span><\/p>\n<p><span style=\"color: #000000;\">Informujemy, \u017ce w dniu 6.06.2023 rozpocznie si\u0119 rejestracja na VII Szko\u0142\u0119 Techniki Pr\u00f3\u017cniowej.\u00a0 Do udzia\u0142u w Szkoleniu zapraszamy technik\u00f3w, in\u017cynier\u00f3w, pracownik\u00f3w naukowych i student\u00f3w zainteresowanych tematyk\u0105 pr\u00f3\u017cniow\u0105. W celu zapisu nale\u017cy wype\u0142ni\u0107 formularz rejestracyjny (link poni\u017cej) i ui\u015bci\u0107 op\u0142at\u0119 za udzia\u0142 w Szkoleniu. Wi\u0119cej informacji znajduje si\u0119 z zak\u0142adkach <a href=\"https:\/\/measline.com\/index.php\/stpvii\/\">VII STP<\/a> oraz <a href=\"https:\/\/measline.com\/index.php\/terminy-i-oplaty-stp-vii\/\">Terminy i op\u0142aty<\/a>.<\/span><\/p>\n<p><span style=\"color: #000000;\"><\/span><\/p>\n<p><span style=\"color: #000000;\"><\/span><\/p>\n<p>[\/et_pb_text][et_pb_button button_url=&#8221;https:\/\/docs.google.com\/forms\/d\/e\/1FAIpQLSf5rNJa-mDUkTSIHCfRQe39IhgsoCiDbErsLltNkAYs334uIQ\/viewform&#8221; url_new_window=&#8221;on&#8221; button_text=&#8221;Przejd\u017a do rejestracji&#8221; button_alignment=&#8221;center&#8221; disabled_on=&#8221;on|on|on&#8221; _builder_version=&#8221;4.21.0&#8243; _module_preset=&#8221;default&#8221; custom_button=&#8221;on&#8221; button_text_size=&#8221;27px&#8221; button_text_color=&#8221;#225405&#8243; custom_margin=&#8221;||10px||false|false&#8221; custom_padding=&#8221;|120px||120px|false|true&#8221; disabled=&#8221;on&#8221; locked=&#8221;off&#8221; global_colors_info=&#8221;{}&#8221;][\/et_pb_button][et_pb_image src=&#8221;https:\/\/measline.com\/wp-content\/uploads\/2023\/06\/Plakat-VII-STP-zapisy-waski-1.png&#8221; alt=&#8221;Zapisy na Szko\u0142\u0119 Techniki Pr\u00f3\u017cniowej&#8221; title_text=&#8221;Rozpocz\u0119cie zapis\u00f3w na STPVII&#8221; _builder_version=&#8221;4.21.0&#8243; _module_preset=&#8221;default&#8221; custom_margin=&#8221;31px|||||&#8221; global_colors_info=&#8221;{}&#8221;][\/et_pb_image][\/et_pb_column][\/et_pb_row][\/et_pb_section][et_pb_section fb_built=&#8221;1&#8243; disabled_on=&#8221;on|on|on&#8221; _builder_version=&#8221;4.22.2&#8243; _module_preset=&#8221;default&#8221; background_color=&#8221;#FFFFFF&#8221; disabled=&#8221;on&#8221; global_colors_info=&#8221;{}&#8221;][et_pb_row _builder_version=&#8221;4.16&#8243; _module_preset=&#8221;default&#8221; custom_padding=&#8221;||26px|||&#8221; global_colors_info=&#8221;{}&#8221;][et_pb_column type=&#8221;4_4&#8243; _builder_version=&#8221;4.16&#8243; _module_preset=&#8221;default&#8221; global_colors_info=&#8221;{}&#8221;][et_pb_text _builder_version=&#8221;4.20.4&#8243; _module_preset=&#8221;default&#8221; global_colors_info=&#8221;{}&#8221;]<\/p>\n<h1><span style=\"color: #000000;\">VII Szko\u0142a Techniki Pr\u00f3\u017cniowej 2023<\/span><\/h1>\n<p><span style=\"color: #000000;\">\u00a0<\/span><\/p>\n<p><span style=\"color: #000000;\">Serdecznie zapraszamy do udzia\u0142u w VII edycji Szko\u0142y Techniki Pr\u00f3\u017cniowej STPVII, kt\u00f3ra odb\u0119dzie si\u0119 w dniach 29-30 sierpnia 2023 w \u0141odzi.<\/span><\/p>\n<p><span style=\"color: #000000;\">Szczeg\u00f3\u0142owe Informacje o zapisach, op\u0142atach i harmonogramie Szko\u0142y zostan\u0105 podane wkr\u00f3tce.<\/span><\/p>\n<p>[\/et_pb_text][et_pb_image src=&#8221;https:\/\/measline.com\/wp-content\/uploads\/2023\/04\/Plakat-VII-STP3.png&#8221; alt=&#8221;Szko\u0142a techniki pr\u00f3\u017cniowej 2023&#8243; title_text=&#8221;Plakat Szko\u0142a techniki pr\u00f3\u017cniowej VII&#8221; _builder_version=&#8221;4.20.4&#8243; _module_preset=&#8221;default&#8221; global_colors_info=&#8221;{}&#8221;][\/et_pb_image][\/et_pb_column][\/et_pb_row][\/et_pb_section]<\/p>\n","protected":false},"excerpt":{"rendered":"<p>Rozpocz\u0119cie rejestracji na VII Szko\u0142\u0119 Techniki Pr\u00f3\u017cniowej W dniu 10.10.2023 rozpocz\u0119\u0142a si\u0119 rejestracja na VII Szko\u0142\u0119 Techniki Pr\u00f3\u017cniowej. Zapraszamy do rejestracji za po\u015brednictwem formularza. W przypadku pyta\u0144 prosimy o kontakt mailowy: stp@measline.com\u00a0Zaproszenie do udzia\u0142u w XII Seminarium STM\/AFM\u00a0\u00a0 \u00a0 Serdecznie zapraszamy do udzia\u0142u w\u00a0XII Workshop on Applications of Scanning Probe Microscopy \u2013 STM\/AFM 2023, kt\u00f3re [&hellip;]<\/p>\n","protected":false},"author":2,"featured_media":4108,"parent":0,"menu_order":0,"comment_status":"closed","ping_status":"closed","template":"","meta":{"_et_pb_use_builder":"on","_et_pb_old_content":"","_et_gb_content_width":"","footnotes":""},"class_list":["post-3930","page","type-page","status-publish","has-post-thumbnail","hentry"],"yoast_head":"<!-- This site is optimized with the Yoast SEO plugin v27.5 - https:\/\/yoast.com\/product\/yoast-seo-wordpress\/ -->\n<title>Aktualno\u015bci STPVII - Measline<\/title>\n<meta name=\"description\" content=\"Aktualno\u015bci zwi\u0105zane z rejestracj\u0105 na Szko\u0142\u0119 Techniki Pr\u00f3\u017cniowej STPVII organizowanej w \u0141odzi w dniach 29-30. sierpnia 2023\" \/>\n<meta name=\"robots\" content=\"index, follow, max-snippet:-1, max-image-preview:large, max-video-preview:-1\" \/>\n<link rel=\"canonical\" href=\"https:\/\/measline.com\/index.php\/pl\/aktualnosci_stpvii\/\" \/>\n<meta property=\"og:locale\" content=\"pl_PL\" \/>\n<meta property=\"og:type\" content=\"article\" \/>\n<meta property=\"og:title\" content=\"Aktualno\u015bci STPVII - Measline\" \/>\n<meta property=\"og:description\" content=\"Aktualno\u015bci zwi\u0105zane z rejestracj\u0105 na Szko\u0142\u0119 Techniki Pr\u00f3\u017cniowej STPVII organizowanej w \u0141odzi w dniach 29-30. sierpnia 2023\" \/>\n<meta property=\"og:url\" content=\"https:\/\/measline.com\/index.php\/pl\/aktualnosci_stpvii\/\" \/>\n<meta property=\"og:site_name\" content=\"Measline\" \/>\n<meta property=\"article:modified_time\" content=\"2023-10-10T07:24:15+00:00\" \/>\n<meta property=\"og:image\" content=\"https:\/\/measline.com\/wp-content\/uploads\/2023\/04\/Plakat-VII-STP3.png\" \/>\n\t<meta property=\"og:image:width\" content=\"2000\" \/>\n\t<meta property=\"og:image:height\" content=\"1125\" \/>\n\t<meta property=\"og:image:type\" content=\"image\/png\" \/>\n<meta name=\"twitter:card\" content=\"summary_large_image\" \/>\n<meta name=\"twitter:label1\" content=\"Szacowany czas czytania\" \/>\n\t<meta name=\"twitter:data1\" content=\"5 minut\" \/>\n<script type=\"application\/ld+json\" class=\"yoast-schema-graph\">{\"@context\":\"https:\\\/\\\/schema.org\",\"@graph\":[{\"@type\":\"WebPage\",\"@id\":\"https:\\\/\\\/measline.com\\\/index.php\\\/pl\\\/aktualnosci_stpvii\\\/\",\"url\":\"https:\\\/\\\/measline.com\\\/index.php\\\/pl\\\/aktualnosci_stpvii\\\/\",\"name\":\"Aktualno\u015bci STPVII - Measline\",\"isPartOf\":{\"@id\":\"https:\\\/\\\/measline.com\\\/#website\"},\"primaryImageOfPage\":{\"@id\":\"https:\\\/\\\/measline.com\\\/index.php\\\/pl\\\/aktualnosci_stpvii\\\/#primaryimage\"},\"image\":{\"@id\":\"https:\\\/\\\/measline.com\\\/index.php\\\/pl\\\/aktualnosci_stpvii\\\/#primaryimage\"},\"thumbnailUrl\":\"https:\\\/\\\/measline.com\\\/wp-content\\\/uploads\\\/2023\\\/04\\\/Plakat-VII-STP3.png\",\"datePublished\":\"2023-04-05T12:29:24+00:00\",\"dateModified\":\"2023-10-10T07:24:15+00:00\",\"description\":\"Aktualno\u015bci zwi\u0105zane z rejestracj\u0105 na Szko\u0142\u0119 Techniki Pr\u00f3\u017cniowej STPVII organizowanej w \u0141odzi w dniach 29-30. sierpnia 2023\",\"breadcrumb\":{\"@id\":\"https:\\\/\\\/measline.com\\\/index.php\\\/pl\\\/aktualnosci_stpvii\\\/#breadcrumb\"},\"inLanguage\":\"pl-PL\",\"potentialAction\":[{\"@type\":\"ReadAction\",\"target\":[\"https:\\\/\\\/measline.com\\\/index.php\\\/pl\\\/aktualnosci_stpvii\\\/\"]}]},{\"@type\":\"ImageObject\",\"inLanguage\":\"pl-PL\",\"@id\":\"https:\\\/\\\/measline.com\\\/index.php\\\/pl\\\/aktualnosci_stpvii\\\/#primaryimage\",\"url\":\"https:\\\/\\\/measline.com\\\/wp-content\\\/uploads\\\/2023\\\/04\\\/Plakat-VII-STP3.png\",\"contentUrl\":\"https:\\\/\\\/measline.com\\\/wp-content\\\/uploads\\\/2023\\\/04\\\/Plakat-VII-STP3.png\",\"width\":2000,\"height\":1125,\"caption\":\"Szko\u0142a techniki pr\u00f3\u017cniowej 2023\"},{\"@type\":\"BreadcrumbList\",\"@id\":\"https:\\\/\\\/measline.com\\\/index.php\\\/pl\\\/aktualnosci_stpvii\\\/#breadcrumb\",\"itemListElement\":[{\"@type\":\"ListItem\",\"position\":1,\"name\":\"Strona g\u0142\u00f3wna\",\"item\":\"https:\\\/\\\/measline.com\\\/index.php\\\/pl\\\/\"},{\"@type\":\"ListItem\",\"position\":2,\"name\":\"Aktualno\u015bci STPVII\"}]},{\"@type\":\"WebSite\",\"@id\":\"https:\\\/\\\/measline.com\\\/#website\",\"url\":\"https:\\\/\\\/measline.com\\\/\",\"name\":\"Measline\",\"description\":\"Advanced solutions\",\"publisher\":{\"@id\":\"https:\\\/\\\/measline.com\\\/#organization\"},\"potentialAction\":[{\"@type\":\"SearchAction\",\"target\":{\"@type\":\"EntryPoint\",\"urlTemplate\":\"https:\\\/\\\/measline.com\\\/?s={search_term_string}\"},\"query-input\":{\"@type\":\"PropertyValueSpecification\",\"valueRequired\":true,\"valueName\":\"search_term_string\"}}],\"inLanguage\":\"pl-PL\"},{\"@type\":\"Organization\",\"@id\":\"https:\\\/\\\/measline.com\\\/#organization\",\"name\":\"Measline\",\"url\":\"https:\\\/\\\/measline.com\\\/\",\"logo\":{\"@type\":\"ImageObject\",\"inLanguage\":\"pl-PL\",\"@id\":\"https:\\\/\\\/measline.com\\\/#\\\/schema\\\/logo\\\/image\\\/\",\"url\":\"https:\\\/\\\/measline.com\\\/wp-content\\\/uploads\\\/2021\\\/11\\\/logo_color_small.png.png\",\"contentUrl\":\"https:\\\/\\\/measline.com\\\/wp-content\\\/uploads\\\/2021\\\/11\\\/logo_color_small.png.png\",\"width\":1000,\"height\":417,\"caption\":\"Measline\"},\"image\":{\"@id\":\"https:\\\/\\\/measline.com\\\/#\\\/schema\\\/logo\\\/image\\\/\"}}]}<\/script>\n<!-- \/ Yoast SEO plugin. -->","yoast_head_json":{"title":"Aktualno\u015bci STPVII - Measline","description":"Aktualno\u015bci zwi\u0105zane z rejestracj\u0105 na Szko\u0142\u0119 Techniki Pr\u00f3\u017cniowej STPVII organizowanej w \u0141odzi w dniach 29-30. sierpnia 2023","robots":{"index":"index","follow":"follow","max-snippet":"max-snippet:-1","max-image-preview":"max-image-preview:large","max-video-preview":"max-video-preview:-1"},"canonical":"https:\/\/measline.com\/index.php\/pl\/aktualnosci_stpvii\/","og_locale":"pl_PL","og_type":"article","og_title":"Aktualno\u015bci STPVII - Measline","og_description":"Aktualno\u015bci zwi\u0105zane z rejestracj\u0105 na Szko\u0142\u0119 Techniki Pr\u00f3\u017cniowej STPVII organizowanej w \u0141odzi w dniach 29-30. sierpnia 2023","og_url":"https:\/\/measline.com\/index.php\/pl\/aktualnosci_stpvii\/","og_site_name":"Measline","article_modified_time":"2023-10-10T07:24:15+00:00","og_image":[{"width":2000,"height":1125,"url":"https:\/\/measline.com\/wp-content\/uploads\/2023\/04\/Plakat-VII-STP3.png","type":"image\/png"}],"twitter_card":"summary_large_image","twitter_misc":{"Szacowany czas czytania":"5 minut"},"schema":{"@context":"https:\/\/schema.org","@graph":[{"@type":"WebPage","@id":"https:\/\/measline.com\/index.php\/pl\/aktualnosci_stpvii\/","url":"https:\/\/measline.com\/index.php\/pl\/aktualnosci_stpvii\/","name":"Aktualno\u015bci STPVII - Measline","isPartOf":{"@id":"https:\/\/measline.com\/#website"},"primaryImageOfPage":{"@id":"https:\/\/measline.com\/index.php\/pl\/aktualnosci_stpvii\/#primaryimage"},"image":{"@id":"https:\/\/measline.com\/index.php\/pl\/aktualnosci_stpvii\/#primaryimage"},"thumbnailUrl":"https:\/\/measline.com\/wp-content\/uploads\/2023\/04\/Plakat-VII-STP3.png","datePublished":"2023-04-05T12:29:24+00:00","dateModified":"2023-10-10T07:24:15+00:00","description":"Aktualno\u015bci zwi\u0105zane z rejestracj\u0105 na Szko\u0142\u0119 Techniki Pr\u00f3\u017cniowej STPVII organizowanej w \u0141odzi w dniach 29-30. sierpnia 2023","breadcrumb":{"@id":"https:\/\/measline.com\/index.php\/pl\/aktualnosci_stpvii\/#breadcrumb"},"inLanguage":"pl-PL","potentialAction":[{"@type":"ReadAction","target":["https:\/\/measline.com\/index.php\/pl\/aktualnosci_stpvii\/"]}]},{"@type":"ImageObject","inLanguage":"pl-PL","@id":"https:\/\/measline.com\/index.php\/pl\/aktualnosci_stpvii\/#primaryimage","url":"https:\/\/measline.com\/wp-content\/uploads\/2023\/04\/Plakat-VII-STP3.png","contentUrl":"https:\/\/measline.com\/wp-content\/uploads\/2023\/04\/Plakat-VII-STP3.png","width":2000,"height":1125,"caption":"Szko\u0142a techniki pr\u00f3\u017cniowej 2023"},{"@type":"BreadcrumbList","@id":"https:\/\/measline.com\/index.php\/pl\/aktualnosci_stpvii\/#breadcrumb","itemListElement":[{"@type":"ListItem","position":1,"name":"Strona g\u0142\u00f3wna","item":"https:\/\/measline.com\/index.php\/pl\/"},{"@type":"ListItem","position":2,"name":"Aktualno\u015bci STPVII"}]},{"@type":"WebSite","@id":"https:\/\/measline.com\/#website","url":"https:\/\/measline.com\/","name":"Measline","description":"Advanced solutions","publisher":{"@id":"https:\/\/measline.com\/#organization"},"potentialAction":[{"@type":"SearchAction","target":{"@type":"EntryPoint","urlTemplate":"https:\/\/measline.com\/?s={search_term_string}"},"query-input":{"@type":"PropertyValueSpecification","valueRequired":true,"valueName":"search_term_string"}}],"inLanguage":"pl-PL"},{"@type":"Organization","@id":"https:\/\/measline.com\/#organization","name":"Measline","url":"https:\/\/measline.com\/","logo":{"@type":"ImageObject","inLanguage":"pl-PL","@id":"https:\/\/measline.com\/#\/schema\/logo\/image\/","url":"https:\/\/measline.com\/wp-content\/uploads\/2021\/11\/logo_color_small.png.png","contentUrl":"https:\/\/measline.com\/wp-content\/uploads\/2021\/11\/logo_color_small.png.png","width":1000,"height":417,"caption":"Measline"},"image":{"@id":"https:\/\/measline.com\/#\/schema\/logo\/image\/"}}]}},"_links":{"self":[{"href":"https:\/\/measline.com\/index.php\/wp-json\/wp\/v2\/pages\/3930","targetHints":{"allow":["GET"]}}],"collection":[{"href":"https:\/\/measline.com\/index.php\/wp-json\/wp\/v2\/pages"}],"about":[{"href":"https:\/\/measline.com\/index.php\/wp-json\/wp\/v2\/types\/page"}],"author":[{"embeddable":true,"href":"https:\/\/measline.com\/index.php\/wp-json\/wp\/v2\/users\/2"}],"replies":[{"embeddable":true,"href":"https:\/\/measline.com\/index.php\/wp-json\/wp\/v2\/comments?post=3930"}],"version-history":[{"count":30,"href":"https:\/\/measline.com\/index.php\/wp-json\/wp\/v2\/pages\/3930\/revisions"}],"predecessor-version":[{"id":5043,"href":"https:\/\/measline.com\/index.php\/wp-json\/wp\/v2\/pages\/3930\/revisions\/5043"}],"wp:featuredmedia":[{"embeddable":true,"href":"https:\/\/measline.com\/index.php\/wp-json\/wp\/v2\/media\/4108"}],"wp:attachment":[{"href":"https:\/\/measline.com\/index.php\/wp-json\/wp\/v2\/media?parent=3930"}],"curies":[{"name":"wp","href":"https:\/\/api.w.org\/{rel}","templated":true}]}}