{"id":3967,"date":"2023-04-05T13:05:08","date_gmt":"2023-04-05T11:05:08","guid":{"rendered":"https:\/\/measline.com\/?page_id=3967"},"modified":"2023-10-10T10:58:26","modified_gmt":"2023-10-10T08:58:26","slug":"terminy-i-oplaty-stp-vii","status":"publish","type":"page","link":"https:\/\/measline.com\/index.php\/pl\/terminy-i-oplaty-stp-vii\/","title":{"rendered":"Terminy i op\u0142aty STP VII"},"content":{"rendered":"<p>[et_pb_section fb_built=&#8221;1&#8243; fullwidth=&#8221;on&#8221; _builder_version=&#8221;4.16&#8243; _module_preset=&#8221;default&#8221; global_colors_info=&#8221;{}&#8221;][\/et_pb_section][et_pb_section fb_built=&#8221;1&#8243; _builder_version=&#8221;4.16&#8243; _module_preset=&#8221;default&#8221; global_colors_info=&#8221;{}&#8221;][et_pb_row _builder_version=&#8221;4.16&#8243; _module_preset=&#8221;default&#8221; global_colors_info=&#8221;{}&#8221;][et_pb_column type=&#8221;4_4&#8243; _builder_version=&#8221;4.16&#8243; _module_preset=&#8221;default&#8221; global_colors_info=&#8221;{}&#8221;][et_pb_menu menu_id=&#8221;66&#8243; menu_style=&#8221;centered&#8221; active_link_color=&#8221;#000000&#8243; _builder_version=&#8221;4.20.4&#8243; _module_preset=&#8221;default&#8221; menu_font=&#8221;Asap Condensed|||on|||||&#8221; menu_font_size=&#8221;18px&#8221; global_colors_info=&#8221;{}&#8221;][\/et_pb_menu][\/et_pb_column][\/et_pb_row][\/et_pb_section][et_pb_section fb_built=&#8221;1&#8243; _builder_version=&#8221;4.16&#8243; _module_preset=&#8221;default&#8221; global_colors_info=&#8221;{}&#8221;][et_pb_row _builder_version=&#8221;4.16&#8243; _module_preset=&#8221;default&#8221; custom_padding=&#8221;0px|||||&#8221; global_colors_info=&#8221;{}&#8221;][et_pb_column type=&#8221;4_4&#8243; _builder_version=&#8221;4.16&#8243; _module_preset=&#8221;default&#8221; global_colors_info=&#8221;{}&#8221;][et_pb_text _builder_version=&#8221;4.16&#8243; _module_preset=&#8221;default&#8221; custom_padding=&#8221;0px|||||&#8221; global_colors_info=&#8221;{}&#8221;]<\/p>\n<h1 style=\"text-align: center;\">Terminy<\/h1>\n<p>[\/et_pb_text][\/et_pb_column][\/et_pb_row][et_pb_row _builder_version=&#8221;4.16&#8243; _module_preset=&#8221;default&#8221; custom_margin=&#8221;|auto|43px|auto||&#8221; custom_padding=&#8221;4px|||||&#8221; global_colors_info=&#8221;{}&#8221;][et_pb_column type=&#8221;4_4&#8243; _builder_version=&#8221;4.16&#8243; _module_preset=&#8221;default&#8221; global_colors_info=&#8221;{}&#8221;][et_pb_text disabled_on=&#8221;off|off|off&#8221; _builder_version=&#8221;4.22.2&#8243; _module_preset=&#8221;default&#8221; global_colors_info=&#8221;{}&#8221;]<\/p>\n<table border=\"1\" style=\"border-collapse: collapse; width: 100%; height: 103px;\">\n<tbody>\n<tr style=\"height: 10px;\">\n<td style=\"width: 33.3333%; height: 10px;\">Zako\u0144czenie pierwszej tury zapis\u00f3w<\/td>\n<td style=\"width: 33.3333%; height: 10px;\"><span>31.10.2023<\/span><\/td>\n<\/tr>\n<tr style=\"height: 10px;\">\n<td style=\"width: 33.3333%; height: 10px;\">Zako\u0144czenie przyjmowania zg\u0142osze\u0144<\/td>\n<td style=\"width: 33.3333%; height: 10px;\"><span>24.11.2023 lub wcze\u015bniej po zapisaniu maksymalnej liczby uczestnik\u00f3w<\/span><\/td>\n<\/tr>\n<tr style=\"height: 48px;\">\n<td style=\"width: 33.3333%; height: 48px;\">Termin uiszczenia op\u0142aty za udzia\u0142 w VII STP<\/td>\n<td style=\"width: 33.3333%; height: 48px;\">do dw\u00f3ch tygodni od rejestracji, ale nie p\u00f3\u017aniej ni\u017c 24.11.2023 (warunek rezerwacji miejsca)<\/td>\n<\/tr>\n<tr style=\"height: 10px;\">\n<td style=\"width: 33.3333%; height: 10px;\"><strong>VII Szko\u0142a Techniki Pr\u00f3\u017cniowej<\/strong><\/td>\n<td style=\"width: 33.3333%; height: 10px;\"><strong>27-29.11.2023<\/strong><\/td>\n<\/tr>\n<\/tbody>\n<\/table>\n<p>&nbsp;<\/p>\n<p>[\/et_pb_text][et_pb_text _builder_version=&#8221;4.22.2&#8243; _module_preset=&#8221;default&#8221; global_colors_info=&#8221;{}&#8221;]<\/p>\n<p><strong>Liczba miejsc jest ograniczona ze wzgl\u0119du na rezerwacj\u0119 miejsc hotelowych. O zapisaniu na list\u0119 uczestnik\u00f3w szkolenia decyduje kolejno\u015b\u0107 zg\u0142osze\u0144.\u00a0<\/strong><\/p>\n<p>[\/et_pb_text][\/et_pb_column][\/et_pb_row][et_pb_row _builder_version=&#8221;4.16&#8243; _module_preset=&#8221;default&#8221; custom_padding=&#8221;0px|||||&#8221; global_colors_info=&#8221;{}&#8221;][et_pb_column type=&#8221;4_4&#8243; _builder_version=&#8221;4.16&#8243; _module_preset=&#8221;default&#8221; global_colors_info=&#8221;{}&#8221;][et_pb_text _builder_version=&#8221;4.22.2&#8243; _module_preset=&#8221;default&#8221; min_height=&#8221;38px&#8221; custom_padding=&#8221;0px|||||&#8221; global_colors_info=&#8221;{}&#8221;]<\/p>\n<h1 style=\"text-align: center;\">Op\u0142aty<\/h1>\n<p>[\/et_pb_text][et_pb_text disabled_on=&#8221;off|off|off&#8221; _builder_version=&#8221;4.22.2&#8243; _module_preset=&#8221;default&#8221; global_colors_info=&#8221;{}&#8221;]<\/p>\n<p><span style=\"color: #666666;\">\u00a0Kos<\/span>zt <span style=\"color: #666666;\">udzia\u0142u w szkoleniu jest zale\u017cny od terminu przes\u0142ania zg\u0142oszenia (rejestracja wczesna i p\u00f3\u017ana) oraz wybranej opcji zakwaterowania (miejsce w pokoju dwuosobowym lub jednoosobowym).<\/span><\/p>\n<p>&nbsp;<\/p>\n<p><span style=\"color: #666666;\"><\/span><\/p>\n<table border=\"1\" style=\"height: 96px; width: 940px; border-style: double; border-color: #161616; margin-left: auto; margin-right: auto;\">\n<tbody>\n<tr>\n<td style=\"width: 314.682px;\"><strong><span style=\"color: #666666;\">\u00a0Termin<\/span><span style=\"color: #666666;\"> <\/span><span style=\"color: #666666;\">rejestracji<\/span><\/strong><\/td>\n<td style=\"width: 312.58px;\"><strong><span style=\"color: #666666;\">Zakwaterowanie w pokoju dwuosobowym<\/span><\/strong><\/td>\n<td style=\"width: 295.102px;\"><strong><span style=\"color: #666666;\">Zakwaterowanie w pokoju jednoosobowym<\/span><\/strong><\/td>\n<\/tr>\n<tr style=\"height: 24px;\">\n<td style=\"width: 314.682px; height: 24px;\"><span style=\"color: #666666;\">Wczesna rejestracja: <strong>do 31.10.2023<\/strong><\/span><\/td>\n<td style=\"width: 312.58px;\"><span style=\"color: #666666;\"> <strong>1000 z\u0142 + VAT\u00a0 \u00a0(1230 z\u0142 brutto)<\/strong><\/span><\/td>\n<td style=\"width: 295.102px; height: 24px;\"><strong><span style=\"color: #666666;\">1100 z\u0142 + VAT\u00a0 \u00a0(1353 z\u0142 brutto)<\/span><\/strong><\/td>\n<\/tr>\n<tr style=\"height: 24px; text-align: left;\">\n<td style=\"width: 314.682px; height: 24px;\">\n<p><span style=\"color: #666666;\">P\u00f3\u017ana rejestracja: <strong>do 24.11.2023<\/strong><\/span><\/p>\n<p><span style=\"color: #666666;\"> (w przypadku dost\u0119pno\u015bci miejsc)<\/span><\/p>\n<\/td>\n<td style=\"width: 312.58px;\"><span style=\"color: #666666;\"> <strong>1200 z\u0142 + VAT\u00a0 \u00a0(1476 z\u0142 brutto)<\/strong><\/span><\/td>\n<td style=\"width: 295.102px; height: 24px;\"><strong><span style=\"color: #666666;\">1300 z\u0142 + VAT\u00a0 \u00a0(1599 z\u0142 brutto)<\/span><\/strong><\/td>\n<\/tr>\n<\/tbody>\n<\/table>\n<p>[\/et_pb_text][\/et_pb_column][\/et_pb_row][et_pb_row _builder_version=&#8221;4.16&#8243; _module_preset=&#8221;default&#8221; custom_padding=&#8221;4px||35px|||&#8221; global_colors_info=&#8221;{}&#8221;][et_pb_column type=&#8221;4_4&#8243; _builder_version=&#8221;4.16&#8243; _module_preset=&#8221;default&#8221; global_colors_info=&#8221;{}&#8221;][et_pb_text disabled_on=&#8221;off|off|off&#8221; _builder_version=&#8221;4.22.2&#8243; _module_preset=&#8221;default&#8221; global_colors_info=&#8221;{}&#8221;]<\/p>\n<p><span style=\"color: #424242;\">Op\u0142ata za udzia\u0142 w Szkole Techniki Pr\u00f3\u017cniowej obejmuje koszty organizacyjne, materia\u0142y szkoleniowe, 2 noclegi w hotelu Hyrny w Zakopanem oraz wy\u017cywienie (2 \u015bniadania, 2 obiady, 2 kolacje, przerwy kawowe &#8211; wy\u017cywienie zapewnione na terenie hotelu). Cena nie zawiera dojazdu organizowanego przez uczestnik\u00f3w we w\u0142asnym zakresie. Podana cena jest cen\u0105 netto, do kt\u00f3rej nale\u017cy doliczy\u0107 podatek VAT w wysoko\u015bci 23%.<\/span><\/p>\n<p><span style=\"color: #424242;\">Op\u0142at\u0119 nale\u017cy ui\u015bci\u0107 po dokonaniu rejestracji za po\u015brednictwem formularza. Wykonanie przelewu za udzia\u0142u w szkoleniu gwarantuje rezerwacj\u0119 miejsca. Istnieje mo\u017cliwo\u015b\u0107 wystawienia faktury proforma. Po dokonaniu wp\u0142aty wystawiana jest faktura VAT.<\/span><\/p>\n<p>[\/et_pb_text][\/et_pb_column][\/et_pb_row][\/et_pb_section]<\/p>\n","protected":false},"excerpt":{"rendered":"<p>Terminy Zako\u0144czenie pierwszej tury zapis\u00f3w 31.10.2023 Zako\u0144czenie przyjmowania zg\u0142osze\u0144 24.11.2023 lub wcze\u015bniej po zapisaniu maksymalnej liczby uczestnik\u00f3w Termin uiszczenia op\u0142aty za udzia\u0142 w VII STP do dw\u00f3ch tygodni od rejestracji, ale nie p\u00f3\u017aniej ni\u017c 24.11.2023 (warunek rezerwacji miejsca) VII Szko\u0142a Techniki Pr\u00f3\u017cniowej 27-29.11.2023 &nbsp;Liczba miejsc jest ograniczona ze wzgl\u0119du na rezerwacj\u0119 miejsc hotelowych. O zapisaniu [&hellip;]<\/p>\n","protected":false},"author":2,"featured_media":0,"parent":0,"menu_order":0,"comment_status":"closed","ping_status":"closed","template":"","meta":{"_et_pb_use_builder":"on","_et_pb_old_content":"","_et_gb_content_width":"","footnotes":""},"class_list":["post-3967","page","type-page","status-publish","hentry"],"yoast_head":"<!-- This site is optimized with the Yoast SEO plugin v27.5 - https:\/\/yoast.com\/product\/yoast-seo-wordpress\/ -->\n<title>Terminy i op\u0142aty STP VII - Measline<\/title>\n<meta name=\"description\" content=\"Terminy rejestracji i op\u0142aty za udzia\u0142 w VII szkole techniki pr\u00f3\u017cniowej STP-szkoleniu dedykowanym wszystkim zainteresowanym technik\u0105 pr\u00f3\u017cniow\u0105\" \/>\n<meta name=\"robots\" content=\"index, follow, max-snippet:-1, max-image-preview:large, max-video-preview:-1\" \/>\n<link rel=\"canonical\" href=\"https:\/\/measline.com\/index.php\/pl\/terminy-i-oplaty-stp-vii\/\" \/>\n<meta property=\"og:locale\" content=\"pl_PL\" \/>\n<meta property=\"og:type\" content=\"article\" \/>\n<meta property=\"og:title\" content=\"Terminy i op\u0142aty STP VII - Measline\" \/>\n<meta property=\"og:description\" content=\"Terminy rejestracji i op\u0142aty za udzia\u0142 w VII szkole techniki pr\u00f3\u017cniowej STP-szkoleniu dedykowanym wszystkim zainteresowanym technik\u0105 pr\u00f3\u017cniow\u0105\" \/>\n<meta property=\"og:url\" content=\"https:\/\/measline.com\/index.php\/pl\/terminy-i-oplaty-stp-vii\/\" \/>\n<meta property=\"og:site_name\" content=\"Measline\" \/>\n<meta property=\"article:modified_time\" content=\"2023-10-10T08:58:26+00:00\" \/>\n<meta name=\"twitter:card\" content=\"summary_large_image\" \/>\n<meta name=\"twitter:label1\" content=\"Szacowany czas czytania\" \/>\n\t<meta name=\"twitter:data1\" content=\"3 minuty\" \/>\n<script type=\"application\/ld+json\" class=\"yoast-schema-graph\">{\"@context\":\"https:\\\/\\\/schema.org\",\"@graph\":[{\"@type\":\"WebPage\",\"@id\":\"https:\\\/\\\/measline.com\\\/index.php\\\/pl\\\/terminy-i-oplaty-stp-vii\\\/\",\"url\":\"https:\\\/\\\/measline.com\\\/index.php\\\/pl\\\/terminy-i-oplaty-stp-vii\\\/\",\"name\":\"Terminy i op\u0142aty STP VII - Measline\",\"isPartOf\":{\"@id\":\"https:\\\/\\\/measline.com\\\/#website\"},\"datePublished\":\"2023-04-05T11:05:08+00:00\",\"dateModified\":\"2023-10-10T08:58:26+00:00\",\"description\":\"Terminy rejestracji i op\u0142aty za udzia\u0142 w VII szkole techniki pr\u00f3\u017cniowej STP-szkoleniu dedykowanym wszystkim zainteresowanym technik\u0105 pr\u00f3\u017cniow\u0105\",\"breadcrumb\":{\"@id\":\"https:\\\/\\\/measline.com\\\/index.php\\\/pl\\\/terminy-i-oplaty-stp-vii\\\/#breadcrumb\"},\"inLanguage\":\"pl-PL\",\"potentialAction\":[{\"@type\":\"ReadAction\",\"target\":[\"https:\\\/\\\/measline.com\\\/index.php\\\/pl\\\/terminy-i-oplaty-stp-vii\\\/\"]}]},{\"@type\":\"BreadcrumbList\",\"@id\":\"https:\\\/\\\/measline.com\\\/index.php\\\/pl\\\/terminy-i-oplaty-stp-vii\\\/#breadcrumb\",\"itemListElement\":[{\"@type\":\"ListItem\",\"position\":1,\"name\":\"Strona g\u0142\u00f3wna\",\"item\":\"https:\\\/\\\/measline.com\\\/index.php\\\/pl\\\/\"},{\"@type\":\"ListItem\",\"position\":2,\"name\":\"Terminy i op\u0142aty STP VII\"}]},{\"@type\":\"WebSite\",\"@id\":\"https:\\\/\\\/measline.com\\\/#website\",\"url\":\"https:\\\/\\\/measline.com\\\/\",\"name\":\"Measline\",\"description\":\"Advanced solutions\",\"publisher\":{\"@id\":\"https:\\\/\\\/measline.com\\\/#organization\"},\"potentialAction\":[{\"@type\":\"SearchAction\",\"target\":{\"@type\":\"EntryPoint\",\"urlTemplate\":\"https:\\\/\\\/measline.com\\\/?s={search_term_string}\"},\"query-input\":{\"@type\":\"PropertyValueSpecification\",\"valueRequired\":true,\"valueName\":\"search_term_string\"}}],\"inLanguage\":\"pl-PL\"},{\"@type\":\"Organization\",\"@id\":\"https:\\\/\\\/measline.com\\\/#organization\",\"name\":\"Measline\",\"url\":\"https:\\\/\\\/measline.com\\\/\",\"logo\":{\"@type\":\"ImageObject\",\"inLanguage\":\"pl-PL\",\"@id\":\"https:\\\/\\\/measline.com\\\/#\\\/schema\\\/logo\\\/image\\\/\",\"url\":\"https:\\\/\\\/measline.com\\\/wp-content\\\/uploads\\\/2021\\\/11\\\/logo_color_small.png.png\",\"contentUrl\":\"https:\\\/\\\/measline.com\\\/wp-content\\\/uploads\\\/2021\\\/11\\\/logo_color_small.png.png\",\"width\":1000,\"height\":417,\"caption\":\"Measline\"},\"image\":{\"@id\":\"https:\\\/\\\/measline.com\\\/#\\\/schema\\\/logo\\\/image\\\/\"}}]}<\/script>\n<!-- \/ Yoast SEO plugin. -->","yoast_head_json":{"title":"Terminy i op\u0142aty STP VII - Measline","description":"Terminy rejestracji i op\u0142aty za udzia\u0142 w VII szkole techniki pr\u00f3\u017cniowej STP-szkoleniu dedykowanym wszystkim zainteresowanym technik\u0105 pr\u00f3\u017cniow\u0105","robots":{"index":"index","follow":"follow","max-snippet":"max-snippet:-1","max-image-preview":"max-image-preview:large","max-video-preview":"max-video-preview:-1"},"canonical":"https:\/\/measline.com\/index.php\/pl\/terminy-i-oplaty-stp-vii\/","og_locale":"pl_PL","og_type":"article","og_title":"Terminy i op\u0142aty STP VII - Measline","og_description":"Terminy rejestracji i op\u0142aty za udzia\u0142 w VII szkole techniki pr\u00f3\u017cniowej STP-szkoleniu dedykowanym wszystkim zainteresowanym technik\u0105 pr\u00f3\u017cniow\u0105","og_url":"https:\/\/measline.com\/index.php\/pl\/terminy-i-oplaty-stp-vii\/","og_site_name":"Measline","article_modified_time":"2023-10-10T08:58:26+00:00","twitter_card":"summary_large_image","twitter_misc":{"Szacowany czas czytania":"3 minuty"},"schema":{"@context":"https:\/\/schema.org","@graph":[{"@type":"WebPage","@id":"https:\/\/measline.com\/index.php\/pl\/terminy-i-oplaty-stp-vii\/","url":"https:\/\/measline.com\/index.php\/pl\/terminy-i-oplaty-stp-vii\/","name":"Terminy i op\u0142aty STP VII - Measline","isPartOf":{"@id":"https:\/\/measline.com\/#website"},"datePublished":"2023-04-05T11:05:08+00:00","dateModified":"2023-10-10T08:58:26+00:00","description":"Terminy rejestracji i op\u0142aty za udzia\u0142 w VII szkole techniki pr\u00f3\u017cniowej STP-szkoleniu dedykowanym wszystkim zainteresowanym technik\u0105 pr\u00f3\u017cniow\u0105","breadcrumb":{"@id":"https:\/\/measline.com\/index.php\/pl\/terminy-i-oplaty-stp-vii\/#breadcrumb"},"inLanguage":"pl-PL","potentialAction":[{"@type":"ReadAction","target":["https:\/\/measline.com\/index.php\/pl\/terminy-i-oplaty-stp-vii\/"]}]},{"@type":"BreadcrumbList","@id":"https:\/\/measline.com\/index.php\/pl\/terminy-i-oplaty-stp-vii\/#breadcrumb","itemListElement":[{"@type":"ListItem","position":1,"name":"Strona g\u0142\u00f3wna","item":"https:\/\/measline.com\/index.php\/pl\/"},{"@type":"ListItem","position":2,"name":"Terminy i op\u0142aty STP VII"}]},{"@type":"WebSite","@id":"https:\/\/measline.com\/#website","url":"https:\/\/measline.com\/","name":"Measline","description":"Advanced solutions","publisher":{"@id":"https:\/\/measline.com\/#organization"},"potentialAction":[{"@type":"SearchAction","target":{"@type":"EntryPoint","urlTemplate":"https:\/\/measline.com\/?s={search_term_string}"},"query-input":{"@type":"PropertyValueSpecification","valueRequired":true,"valueName":"search_term_string"}}],"inLanguage":"pl-PL"},{"@type":"Organization","@id":"https:\/\/measline.com\/#organization","name":"Measline","url":"https:\/\/measline.com\/","logo":{"@type":"ImageObject","inLanguage":"pl-PL","@id":"https:\/\/measline.com\/#\/schema\/logo\/image\/","url":"https:\/\/measline.com\/wp-content\/uploads\/2021\/11\/logo_color_small.png.png","contentUrl":"https:\/\/measline.com\/wp-content\/uploads\/2021\/11\/logo_color_small.png.png","width":1000,"height":417,"caption":"Measline"},"image":{"@id":"https:\/\/measline.com\/#\/schema\/logo\/image\/"}}]}},"_links":{"self":[{"href":"https:\/\/measline.com\/index.php\/wp-json\/wp\/v2\/pages\/3967","targetHints":{"allow":["GET"]}}],"collection":[{"href":"https:\/\/measline.com\/index.php\/wp-json\/wp\/v2\/pages"}],"about":[{"href":"https:\/\/measline.com\/index.php\/wp-json\/wp\/v2\/types\/page"}],"author":[{"embeddable":true,"href":"https:\/\/measline.com\/index.php\/wp-json\/wp\/v2\/users\/2"}],"replies":[{"embeddable":true,"href":"https:\/\/measline.com\/index.php\/wp-json\/wp\/v2\/comments?post=3967"}],"version-history":[{"count":19,"href":"https:\/\/measline.com\/index.php\/wp-json\/wp\/v2\/pages\/3967\/revisions"}],"predecessor-version":[{"id":5050,"href":"https:\/\/measline.com\/index.php\/wp-json\/wp\/v2\/pages\/3967\/revisions\/5050"}],"wp:attachment":[{"href":"https:\/\/measline.com\/index.php\/wp-json\/wp\/v2\/media?parent=3967"}],"curies":[{"name":"wp","href":"https:\/\/api.w.org\/{rel}","templated":true}]}}