{"id":4945,"date":"2023-10-02T14:03:49","date_gmt":"2023-10-02T12:03:49","guid":{"rendered":"https:\/\/measline.com\/?page_id=4945"},"modified":"2025-04-10T12:35:24","modified_gmt":"2025-04-10T10:35:24","slug":"komory-prozniowe","status":"publish","type":"page","link":"https:\/\/measline.com\/index.php\/pl\/komory-prozniowe\/","title":{"rendered":"Komory pr\u00f3\u017cniowe"},"content":{"rendered":"<p>[et_pb_section fb_built=&#8221;1&#8243; _builder_version=&#8221;4.16&#8243; _module_preset=&#8221;default&#8221; background_color=&#8221;rgba(0,0,0,0.59)&#8221; background_enable_image=&#8221;off&#8221; min_height=&#8221;275px&#8221; custom_padding=&#8221;||0px|||&#8221; global_colors_info=&#8221;{}&#8221;][et_pb_row _builder_version=&#8221;4.16&#8243; _module_preset=&#8221;default&#8221; custom_margin=&#8221;0px||||false|false&#8221; custom_padding=&#8221;0px||||false|false&#8221; global_colors_info=&#8221;{}&#8221;][et_pb_column type=&#8221;4_4&#8243; _builder_version=&#8221;4.16&#8243; _module_preset=&#8221;default&#8221; global_colors_info=&#8221;{}&#8221;][et_pb_text admin_label=&#8221;exp_text&#8221; _builder_version=&#8221;4.16.1&#8243; _module_preset=&#8221;default&#8221; text_text_color=&#8221;#ffffff&#8221; header_text_color=&#8221;#FFFFFF&#8221; min_height=&#8221;47.8px&#8221; custom_margin=&#8221;35px||-36px||false|false&#8221; custom_padding=&#8221;0px||0px||true|false&#8221; text_text_shadow_style=&#8221;preset4&#8243; border_radii=&#8221;off||||&#8221; border_color_bottom=&#8221;rgba(255,255,255,0.81)&#8221; global_colors_info=&#8221;{}&#8221;]<\/p>\n<h1>Komory pr\u00f3\u017cniowe<\/h1>\n<p>Projektowane i produkowane przez firm\u0119 MeasLine komory wykonane s\u0105 w standardzie HV lub UHV. Wszystkie parametry komory, w tym wielko\u015b\u0107, kszta\u0142t, grubo\u015b\u0107 \u015bcian, liczba i umiejscowienie ko\u0142nierzy dobierane s\u0105 w oparciu o wytyczne klienta. Komory mog\u0105 by\u0107 przystosowane do pracy w niskich oraz wysokich temperaturach.\u00a0<\/p>\n<p>Poni\u017cej przedstawiono przyk\u0142adowe realizacje.<\/p>\n<p>&nbsp;<\/p>\n<div><\/div>\n<div><\/div>\n<p>[\/et_pb_text][\/et_pb_column][\/et_pb_row][\/et_pb_section][et_pb_section fb_built=&#8221;1&#8243; _builder_version=&#8221;4.16&#8243; _module_preset=&#8221;default&#8221; custom_margin=&#8221;-2px|||||&#8221; global_colors_info=&#8221;{}&#8221;][et_pb_row column_structure=&#8221;1_4,3_4&#8243; _builder_version=&#8221;4.27.4&#8243; _module_preset=&#8221;default&#8221; background_color=&#8221;rgba(0,0,0,0.05)&#8221; width=&#8221;78.5%&#8221; min_height=&#8221;168.2px&#8221; custom_margin=&#8221;5px|auto|10px|auto|false|false&#8221; custom_padding=&#8221;|||37px||&#8221; border_width_all=&#8221;1px&#8221; border_color_all=&#8221;rgba(140,140,140,0.17)&#8221; border_style_all=&#8221;double&#8221; box_shadow_style=&#8221;preset4&#8243; box_shadow_blur=&#8221;16px&#8221; box_shadow_spread=&#8221;-17px&#8221; global_colors_info=&#8221;{}&#8221;][et_pb_column type=&#8221;1_4&#8243; _builder_version=&#8221;4.16&#8243; _dynamic_attributes=&#8221;link_option_url&#8221; _module_preset=&#8221;default&#8221; link_option_url=&#8221;@ET-DC@eyJkeW5hbWljIjp0cnVlLCJjb250ZW50IjoicG9zdF9saW5rX3VybF9wYWdlIiwic2V0dGluZ3MiOnsicG9zdF9pZCI6IjE0OCJ9fQ==@&#8221; global_colors_info=&#8221;{}&#8221;][et_pb_image src=&#8221;https:\/\/measline.com\/wp-content\/uploads\/2025\/03\/828-Komora-Ramana-Solaris-scaled.jpg&#8221; alt=&#8221; Komora Ramana &#8221; title_text=&#8221;828 Komora Ramana Solaris&#8221; _builder_version=&#8221;4.27.4&#8243; _module_preset=&#8221;default&#8221; global_colors_info=&#8221;{}&#8221;][\/et_pb_image][\/et_pb_column][et_pb_column type=&#8221;3_4&#8243; _builder_version=&#8221;4.16&#8243; _module_preset=&#8221;default&#8221; global_colors_info=&#8221;{}&#8221;][et_pb_text _builder_version=&#8221;4.22.2&#8243; _module_preset=&#8221;default&#8221; custom_padding=&#8221;|50px||||&#8221; global_colors_info=&#8221;{}&#8221;]<\/p>\n<div>\n<h3>Komora pr\u00f3\u017cniowa w standardzie UHV<\/h3>\n<p>\u00a0<span style=\"font-size: 14px;\">\u00a0<\/span><\/p>\n<\/div>\n<div>\n<p>Komora pr\u00f3\u017cniowa wykonana w standardzie UHV ze stali 304 L.<\/p>\n<p align=\"justify\">Wn\u0119trze komory jest szlifowane, natomiast zewn\u0119trza powierzchnia jest \u015brutowana. Komora posiada 8 ko\u0142nierzy.\u00a0<\/p>\n<p style=\"text-align: left;\"><span>\u00a0<\/span><\/p>\n<\/div>\n<p>[\/et_pb_text][\/et_pb_column][\/et_pb_row][et_pb_row column_structure=&#8221;1_4,3_4&#8243; _builder_version=&#8221;4.22.2&#8243; _module_preset=&#8221;default&#8221; background_color=&#8221;rgba(0,0,0,0.05)&#8221; width=&#8221;78.5%&#8221; min_height=&#8221;168.2px&#8221; custom_padding=&#8221;|||37px||&#8221; border_width_all=&#8221;1px&#8221; border_color_all=&#8221;rgba(140,140,140,0.17)&#8221; border_style_all=&#8221;double&#8221; box_shadow_style=&#8221;preset4&#8243; box_shadow_blur=&#8221;16px&#8221; box_shadow_spread=&#8221;-17px&#8221; global_colors_info=&#8221;{}&#8221;][et_pb_column type=&#8221;1_4&#8243; _builder_version=&#8221;4.16&#8243; _dynamic_attributes=&#8221;link_option_url&#8221; _module_preset=&#8221;default&#8221; link_option_url=&#8221;@ET-DC@eyJkeW5hbWljIjp0cnVlLCJjb250ZW50IjoicG9zdF9saW5rX3VybF9wYWdlIiwic2V0dGluZ3MiOnsicG9zdF9pZCI6IjE0OCJ9fQ==@&#8221; global_colors_info=&#8221;{}&#8221;][et_pb_image src=&#8221;https:\/\/measline.com\/wp-content\/uploads\/2023\/09\/20230922_120853-EDIT-1.jpg&#8221; alt=&#8221;Vacuum chamber&#8221; title_text=&#8221;Vacuum chamber&#8221; _builder_version=&#8221;4.22.2&#8243; _module_preset=&#8221;default&#8221; global_colors_info=&#8221;{}&#8221;][\/et_pb_image][\/et_pb_column][et_pb_column type=&#8221;3_4&#8243; _builder_version=&#8221;4.16&#8243; _module_preset=&#8221;default&#8221; global_colors_info=&#8221;{}&#8221;][et_pb_text _builder_version=&#8221;4.22.2&#8243; _module_preset=&#8221;default&#8221; custom_padding=&#8221;|50px||||&#8221; global_colors_info=&#8221;{}&#8221;]<\/p>\n<div>\n<h3>Komora pr\u00f3\u017cniowa w standardzie UHV<\/h3>\n<p>\u00a0<span style=\"font-size: 14px;\">\u00a0<\/span><\/p>\n<\/div>\n<div>\n<p>Komora pr\u00f3\u017cniowa wykonana w standardzie UHV ze stali 304 L, z 3 ko\u0142nierzami obrotowymi i pozosta\u0142ymi nieobrotowymi.<\/p>\n<p align=\"justify\">Wn\u0119trze komory jest polerowane a z zewn\u0105trz powierzchnia jest matowa. Wszystkie powierzchnie uszczelniaj\u0105ce s\u0105 polerowane.<\/p>\n<p style=\"text-align: left;\"><span>\u00a0<\/span><\/p>\n<\/div>\n<p>[\/et_pb_text][\/et_pb_column][\/et_pb_row][et_pb_row column_structure=&#8221;1_4,3_4&#8243; _builder_version=&#8221;4.22.2&#8243; _module_preset=&#8221;default&#8221; background_color=&#8221;rgba(0,0,0,0.05)&#8221; min_height=&#8221;169.2px&#8221; custom_margin=&#8221;10px||||false|false&#8221; border_width_all=&#8221;1px&#8221; border_color_all=&#8221;rgba(140,140,140,0.17)&#8221; border_style_all=&#8221;double&#8221; box_shadow_style=&#8221;preset4&#8243; box_shadow_blur=&#8221;16px&#8221; box_shadow_spread=&#8221;-17px&#8221; global_colors_info=&#8221;{}&#8221;][et_pb_column type=&#8221;1_4&#8243; _builder_version=&#8221;4.16&#8243; _dynamic_attributes=&#8221;link_option_url&#8221; _module_preset=&#8221;default&#8221; link_option_url=&#8221;@ET-DC@eyJkeW5hbWljIjp0cnVlLCJjb250ZW50IjoicG9zdF9saW5rX3VybF9wYWdlIiwic2V0dGluZ3MiOnsicG9zdF9pZCI6IjE0OCJ9fQ==@&#8221; global_colors_info=&#8221;{}&#8221;][et_pb_gallery gallery_ids=&#8221;4874,4875&#8243; show_title_and_caption=&#8221;off&#8221; show_pagination=&#8221;off&#8221; _builder_version=&#8221;4.22.2&#8243; _module_preset=&#8221;default&#8221; custom_margin=&#8221;|-18px||||&#8221; custom_padding=&#8221;|9px||41px||&#8221; global_colors_info=&#8221;{}&#8221;][\/et_pb_gallery][\/et_pb_column][et_pb_column type=&#8221;3_4&#8243; _builder_version=&#8221;4.16&#8243; _module_preset=&#8221;default&#8221; global_colors_info=&#8221;{}&#8221;][et_pb_divider show_divider=&#8221;off&#8221; _builder_version=&#8221;4.16&#8243; _module_preset=&#8221;default&#8221; global_colors_info=&#8221;{}&#8221;][\/et_pb_divider][et_pb_text _builder_version=&#8221;4.22.2&#8243; _module_preset=&#8221;default&#8221; custom_padding=&#8221;|50px||28px||&#8221; global_colors_info=&#8221;{}&#8221;]<\/p>\n<div>\n<div>\n<h3>Komora pr\u00f3\u017cniowa w standardzie UHV<\/h3>\n<p>&nbsp;<\/p>\n<\/div>\n<div>\n<p>Komora pr\u00f3\u017cniowa wykonana w standardzie UHV ze stali 304 L, z 3 ko\u0142nierzami obrotowymi i pozosta\u0142ymi nieobrotowymi.<\/p>\n<p align=\"justify\">Wn\u0119trze komory jest polerowane a z zewn\u0105trz powierzchnia jest matowa. Wszystkie powierzchnie uszczelniaj\u0105ce s\u0105 polerowane.<\/p>\n<\/div>\n<\/div>\n<div><\/div>\n<p>[\/et_pb_text][\/et_pb_column][\/et_pb_row][et_pb_row column_structure=&#8221;1_4,3_4&#8243; disabled_on=&#8221;off|off|off&#8221; _builder_version=&#8221;4.22.2&#8243; _module_preset=&#8221;default&#8221; background_color=&#8221;rgba(0,0,0,0.05)&#8221; width=&#8221;78.5%&#8221; min_height=&#8221;168.2px&#8221; custom_margin=&#8221;11px|auto||auto||&#8221; custom_padding=&#8221;|||37px||&#8221; border_width_all=&#8221;1px&#8221; border_color_all=&#8221;rgba(140,140,140,0.17)&#8221; border_style_all=&#8221;double&#8221; box_shadow_style=&#8221;preset4&#8243; box_shadow_blur=&#8221;16px&#8221; box_shadow_spread=&#8221;-17px&#8221; global_colors_info=&#8221;{}&#8221;][et_pb_column type=&#8221;1_4&#8243; _builder_version=&#8221;4.16&#8243; _dynamic_attributes=&#8221;link_option_url&#8221; _module_preset=&#8221;default&#8221; link_option_url=&#8221;@ET-DC@eyJkeW5hbWljIjp0cnVlLCJjb250ZW50IjoicG9zdF9saW5rX3VybF9wYWdlIiwic2V0dGluZ3MiOnsicG9zdF9pZCI6IjE0OCJ9fQ==@&#8221; global_colors_info=&#8221;{}&#8221;][et_pb_image src=&#8221;https:\/\/measline.com\/wp-content\/uploads\/2023\/10\/komora-nanoszenia-e1696334369842.jpg&#8221; alt=&#8221;Komora nanoszenia&#8221; title_text=&#8221;Komora nanoszenia&#8221; _builder_version=&#8221;4.22.2&#8243; _module_preset=&#8221;default&#8221; global_colors_info=&#8221;{}&#8221;][\/et_pb_image][\/et_pb_column][et_pb_column type=&#8221;3_4&#8243; _builder_version=&#8221;4.16&#8243; _module_preset=&#8221;default&#8221; global_colors_info=&#8221;{}&#8221;][et_pb_text _builder_version=&#8221;4.22.2&#8243; _module_preset=&#8221;default&#8221; custom_padding=&#8221;|50px||10px||&#8221; global_colors_info=&#8221;{}&#8221;]<\/p>\n<div>\n<h3>Komora nanoszenia cienkich warstw<\/h3>\n<p><span style=\"font-size: 14px;\">\u00a0<\/span><\/p>\n<\/div>\n<div>\n<p>Prostopad\u0142o\u015bcienna komora pr\u00f3\u017cniowa wykonana w standardzie UHV. Jest przeznaczona do nanoszenia cienkich warstw za pomoc\u0105 do trzech \u017ar\u00f3de\u0142 magnetronowych wprowadzanych od do\u0142u komory. Pozosta\u0142e ko\u0142nierze umo\u017cliwiaj\u0105 umieszczenie wewn\u0105trz komory pod\u0142o\u017cy do nanoszenia warstw, miernik\u00f3w, wagi kwarcowej, podpi\u0119cie zestawu pompowego oraz monta\u017c okna optycznego przeznaczonego do obserwacji procesu nanoszenia. Du\u017ce drzwi zapewniaj\u0105 \u0142atwy dost\u0119p do uchwytu na pod\u0142o\u017ca.\u00a0<\/p>\n<p style=\"text-align: left;\"><span>\u00a0<\/span><\/p>\n<\/div>\n<p>[\/et_pb_text][\/et_pb_column][\/et_pb_row][et_pb_row column_structure=&#8221;1_4,3_4&#8243; disabled_on=&#8221;off|off|off&#8221; _builder_version=&#8221;4.27.4&#8243; _module_preset=&#8221;default&#8221; background_color=&#8221;rgba(0,0,0,0.05)&#8221; width=&#8221;78.5%&#8221; min_height=&#8221;168.2px&#8221; custom_margin=&#8221;11px|auto||auto||&#8221; custom_padding=&#8221;|||37px||&#8221; hover_enabled=&#8221;0&#8243; border_width_all=&#8221;1px&#8221; border_color_all=&#8221;rgba(140,140,140,0.17)&#8221; border_style_all=&#8221;double&#8221; box_shadow_style=&#8221;preset4&#8243; box_shadow_blur=&#8221;16px&#8221; box_shadow_spread=&#8221;-17px&#8221; global_colors_info=&#8221;{}&#8221; sticky_enabled=&#8221;0&#8243;][et_pb_column type=&#8221;1_4&#8243; _builder_version=&#8221;4.16&#8243; _dynamic_attributes=&#8221;link_option_url&#8221; _module_preset=&#8221;default&#8221; link_option_url=&#8221;@ET-DC@eyJkeW5hbWljIjp0cnVlLCJjb250ZW50IjoicG9zdF9saW5rX3VybF9wYWdlIiwic2V0dGluZ3MiOnsicG9zdF9pZCI6IjE0OCJ9fQ==@&#8221; global_colors_info=&#8221;{}&#8221;][et_pb_image src=&#8221;https:\/\/measline.com\/wp-content\/uploads\/2025\/04\/Komora-z-chlodzeniem-wodnym-na-stelazu-1-rotated.jpg&#8221; alt=&#8221;Komora z ch\u0142odzeniem wodnym na stela\u017cu&#8221; title_text=&#8221;Komora z ch\u0142odzeniem wodnym na stela\u017cu&#8221; _builder_version=&#8221;4.27.4&#8243; _module_preset=&#8221;default&#8221; hover_enabled=&#8221;0&#8243; global_colors_info=&#8221;{}&#8221; sticky_enabled=&#8221;0&#8243;][\/et_pb_image][\/et_pb_column][et_pb_column type=&#8221;3_4&#8243; _builder_version=&#8221;4.16&#8243; _module_preset=&#8221;default&#8221; global_colors_info=&#8221;{}&#8221;][et_pb_text _builder_version=&#8221;4.22.2&#8243; _module_preset=&#8221;default&#8221; custom_padding=&#8221;|50px||||&#8221; global_colors_info=&#8221;{}&#8221;]<\/p>\n<div>\n<h3>Komora z zewn\u0119trznym ch\u0142odzeniem wodnym<\/h3>\n<p>&nbsp;<\/p>\n<p><span style=\"font-size: 14px;\">Komora wysokiej pr\u00f3\u017cni wykonana w standardzie HV ze stali 304 z mo\u017cliwo\u015bci\u0105 zewn\u0119trznego ch\u0142odzenia \u015bcian komory za pomoc\u0105 wody. Konstrukcja zapewnia \u0142atwy dost\u0119p zar\u00f3wno do element\u00f3w mocowanych na zewn\u0105trz jak r\u00f3wnie\u017c do wyposa\u017cenia pr\u00f3\u017cniowego zainstalowanego wewn\u0105trz komory. Komora zosta\u0142a wykonana w kszta\u0142cie prostopad\u0142o\u015bcianu z portami dostosowanymi do okien optycznych.<\/span><\/p>\n<\/div>\n<div>\n<p>&nbsp;<\/p>\n<\/div>\n<p>[\/et_pb_text][\/et_pb_column][\/et_pb_row][\/et_pb_section]<\/p>\n","protected":false},"excerpt":{"rendered":"<p>Komory pr\u00f3\u017cniowe Projektowane i produkowane przez firm\u0119 MeasLine komory wykonane s\u0105 w standardzie HV lub UHV. Wszystkie parametry komory, w tym wielko\u015b\u0107, kszta\u0142t, grubo\u015b\u0107 \u015bcian, liczba i umiejscowienie ko\u0142nierzy dobierane s\u0105 w oparciu o wytyczne klienta. Komory mog\u0105 by\u0107 przystosowane do pracy w niskich oraz wysokich temperaturach.\u00a0 Poni\u017cej przedstawiono przyk\u0142adowe realizacje. &nbsp; Komora pr\u00f3\u017cniowa w [&hellip;]<\/p>\n","protected":false},"author":2,"featured_media":4871,"parent":0,"menu_order":0,"comment_status":"closed","ping_status":"closed","template":"","meta":{"_et_pb_use_builder":"on","_et_pb_old_content":"","_et_gb_content_width":"","footnotes":""},"class_list":["post-4945","page","type-page","status-publish","has-post-thumbnail","hentry"],"yoast_head":"<!-- This site is optimized with the Yoast SEO plugin v27.4 - https:\/\/yoast.com\/product\/yoast-seo-wordpress\/ -->\n<title>Komory pr\u00f3\u017cniowe - Measline<\/title>\n<meta name=\"description\" content=\"Komory pr\u00f3\u017cniowe produkowane w Polsce przez firm\u0119 MeasLine, dostosowane do pracy w warunkach UHV. Parametry kom\u00f3r dobierane s\u0105 indywidualnie.\" \/>\n<meta name=\"robots\" content=\"index, follow, max-snippet:-1, max-image-preview:large, max-video-preview:-1\" \/>\n<link rel=\"canonical\" href=\"https:\/\/measline.com\/index.php\/pl\/komory-prozniowe\/\" \/>\n<meta property=\"og:locale\" content=\"pl_PL\" \/>\n<meta property=\"og:type\" content=\"article\" \/>\n<meta property=\"og:title\" content=\"Komory pr\u00f3\u017cniowe - Measline\" \/>\n<meta property=\"og:description\" content=\"Komory pr\u00f3\u017cniowe produkowane w Polsce przez firm\u0119 MeasLine, dostosowane do pracy w warunkach UHV. Parametry kom\u00f3r dobierane s\u0105 indywidualnie.\" \/>\n<meta property=\"og:url\" content=\"https:\/\/measline.com\/index.php\/pl\/komory-prozniowe\/\" \/>\n<meta property=\"og:site_name\" content=\"Measline\" \/>\n<meta property=\"article:modified_time\" content=\"2025-04-10T10:35:24+00:00\" \/>\n<meta property=\"og:image\" content=\"https:\/\/measline.com\/wp-content\/uploads\/2023\/09\/20230922_120853-EDIT.jpg\" \/>\n\t<meta property=\"og:image:width\" content=\"2140\" \/>\n\t<meta property=\"og:image:height\" content=\"2260\" \/>\n\t<meta property=\"og:image:type\" content=\"image\/jpeg\" \/>\n<meta name=\"twitter:card\" content=\"summary_large_image\" \/>\n<meta name=\"twitter:label1\" content=\"Szacowany czas czytania\" \/>\n\t<meta name=\"twitter:data1\" content=\"7 minut\" \/>\n<script type=\"application\/ld+json\" class=\"yoast-schema-graph\">{\"@context\":\"https:\\\/\\\/schema.org\",\"@graph\":[{\"@type\":\"WebPage\",\"@id\":\"https:\\\/\\\/measline.com\\\/index.php\\\/pl\\\/komory-prozniowe\\\/\",\"url\":\"https:\\\/\\\/measline.com\\\/index.php\\\/pl\\\/komory-prozniowe\\\/\",\"name\":\"Komory pr\u00f3\u017cniowe - Measline\",\"isPartOf\":{\"@id\":\"https:\\\/\\\/measline.com\\\/#website\"},\"primaryImageOfPage\":{\"@id\":\"https:\\\/\\\/measline.com\\\/index.php\\\/pl\\\/komory-prozniowe\\\/#primaryimage\"},\"image\":{\"@id\":\"https:\\\/\\\/measline.com\\\/index.php\\\/pl\\\/komory-prozniowe\\\/#primaryimage\"},\"thumbnailUrl\":\"https:\\\/\\\/measline.com\\\/wp-content\\\/uploads\\\/2023\\\/09\\\/20230922_120853-EDIT.jpg\",\"datePublished\":\"2023-10-02T12:03:49+00:00\",\"dateModified\":\"2025-04-10T10:35:24+00:00\",\"description\":\"Komory pr\u00f3\u017cniowe produkowane w Polsce przez firm\u0119 MeasLine, dostosowane do pracy w warunkach UHV. Parametry kom\u00f3r dobierane s\u0105 indywidualnie.\",\"breadcrumb\":{\"@id\":\"https:\\\/\\\/measline.com\\\/index.php\\\/pl\\\/komory-prozniowe\\\/#breadcrumb\"},\"inLanguage\":\"pl-PL\",\"potentialAction\":[{\"@type\":\"ReadAction\",\"target\":[\"https:\\\/\\\/measline.com\\\/index.php\\\/pl\\\/komory-prozniowe\\\/\"]}]},{\"@type\":\"ImageObject\",\"inLanguage\":\"pl-PL\",\"@id\":\"https:\\\/\\\/measline.com\\\/index.php\\\/pl\\\/komory-prozniowe\\\/#primaryimage\",\"url\":\"https:\\\/\\\/measline.com\\\/wp-content\\\/uploads\\\/2023\\\/09\\\/20230922_120853-EDIT.jpg\",\"contentUrl\":\"https:\\\/\\\/measline.com\\\/wp-content\\\/uploads\\\/2023\\\/09\\\/20230922_120853-EDIT.jpg\",\"width\":2140,\"height\":2260,\"caption\":\"Komora dostosowana do pracy w warunkach wysokiej pr\u00f3\u017cni\"},{\"@type\":\"BreadcrumbList\",\"@id\":\"https:\\\/\\\/measline.com\\\/index.php\\\/pl\\\/komory-prozniowe\\\/#breadcrumb\",\"itemListElement\":[{\"@type\":\"ListItem\",\"position\":1,\"name\":\"Strona g\u0142\u00f3wna\",\"item\":\"https:\\\/\\\/measline.com\\\/index.php\\\/pl\\\/\"},{\"@type\":\"ListItem\",\"position\":2,\"name\":\"Komory pr\u00f3\u017cniowe\"}]},{\"@type\":\"WebSite\",\"@id\":\"https:\\\/\\\/measline.com\\\/#website\",\"url\":\"https:\\\/\\\/measline.com\\\/\",\"name\":\"Measline\",\"description\":\"Advanced solutions\",\"publisher\":{\"@id\":\"https:\\\/\\\/measline.com\\\/#organization\"},\"potentialAction\":[{\"@type\":\"SearchAction\",\"target\":{\"@type\":\"EntryPoint\",\"urlTemplate\":\"https:\\\/\\\/measline.com\\\/?s={search_term_string}\"},\"query-input\":{\"@type\":\"PropertyValueSpecification\",\"valueRequired\":true,\"valueName\":\"search_term_string\"}}],\"inLanguage\":\"pl-PL\"},{\"@type\":\"Organization\",\"@id\":\"https:\\\/\\\/measline.com\\\/#organization\",\"name\":\"Measline\",\"url\":\"https:\\\/\\\/measline.com\\\/\",\"logo\":{\"@type\":\"ImageObject\",\"inLanguage\":\"pl-PL\",\"@id\":\"https:\\\/\\\/measline.com\\\/#\\\/schema\\\/logo\\\/image\\\/\",\"url\":\"https:\\\/\\\/measline.com\\\/wp-content\\\/uploads\\\/2021\\\/11\\\/logo_color_small.png.png\",\"contentUrl\":\"https:\\\/\\\/measline.com\\\/wp-content\\\/uploads\\\/2021\\\/11\\\/logo_color_small.png.png\",\"width\":1000,\"height\":417,\"caption\":\"Measline\"},\"image\":{\"@id\":\"https:\\\/\\\/measline.com\\\/#\\\/schema\\\/logo\\\/image\\\/\"}}]}<\/script>\n<!-- \/ Yoast SEO plugin. -->","yoast_head_json":{"title":"Komory pr\u00f3\u017cniowe - Measline","description":"Komory pr\u00f3\u017cniowe produkowane w Polsce przez firm\u0119 MeasLine, dostosowane do pracy w warunkach UHV. Parametry kom\u00f3r dobierane s\u0105 indywidualnie.","robots":{"index":"index","follow":"follow","max-snippet":"max-snippet:-1","max-image-preview":"max-image-preview:large","max-video-preview":"max-video-preview:-1"},"canonical":"https:\/\/measline.com\/index.php\/pl\/komory-prozniowe\/","og_locale":"pl_PL","og_type":"article","og_title":"Komory pr\u00f3\u017cniowe - Measline","og_description":"Komory pr\u00f3\u017cniowe produkowane w Polsce przez firm\u0119 MeasLine, dostosowane do pracy w warunkach UHV. Parametry kom\u00f3r dobierane s\u0105 indywidualnie.","og_url":"https:\/\/measline.com\/index.php\/pl\/komory-prozniowe\/","og_site_name":"Measline","article_modified_time":"2025-04-10T10:35:24+00:00","og_image":[{"width":2140,"height":2260,"url":"https:\/\/measline.com\/wp-content\/uploads\/2023\/09\/20230922_120853-EDIT.jpg","type":"image\/jpeg"}],"twitter_card":"summary_large_image","twitter_misc":{"Szacowany czas czytania":"7 minut"},"schema":{"@context":"https:\/\/schema.org","@graph":[{"@type":"WebPage","@id":"https:\/\/measline.com\/index.php\/pl\/komory-prozniowe\/","url":"https:\/\/measline.com\/index.php\/pl\/komory-prozniowe\/","name":"Komory pr\u00f3\u017cniowe - Measline","isPartOf":{"@id":"https:\/\/measline.com\/#website"},"primaryImageOfPage":{"@id":"https:\/\/measline.com\/index.php\/pl\/komory-prozniowe\/#primaryimage"},"image":{"@id":"https:\/\/measline.com\/index.php\/pl\/komory-prozniowe\/#primaryimage"},"thumbnailUrl":"https:\/\/measline.com\/wp-content\/uploads\/2023\/09\/20230922_120853-EDIT.jpg","datePublished":"2023-10-02T12:03:49+00:00","dateModified":"2025-04-10T10:35:24+00:00","description":"Komory pr\u00f3\u017cniowe produkowane w Polsce przez firm\u0119 MeasLine, dostosowane do pracy w warunkach UHV. Parametry kom\u00f3r dobierane s\u0105 indywidualnie.","breadcrumb":{"@id":"https:\/\/measline.com\/index.php\/pl\/komory-prozniowe\/#breadcrumb"},"inLanguage":"pl-PL","potentialAction":[{"@type":"ReadAction","target":["https:\/\/measline.com\/index.php\/pl\/komory-prozniowe\/"]}]},{"@type":"ImageObject","inLanguage":"pl-PL","@id":"https:\/\/measline.com\/index.php\/pl\/komory-prozniowe\/#primaryimage","url":"https:\/\/measline.com\/wp-content\/uploads\/2023\/09\/20230922_120853-EDIT.jpg","contentUrl":"https:\/\/measline.com\/wp-content\/uploads\/2023\/09\/20230922_120853-EDIT.jpg","width":2140,"height":2260,"caption":"Komora dostosowana do pracy w warunkach wysokiej pr\u00f3\u017cni"},{"@type":"BreadcrumbList","@id":"https:\/\/measline.com\/index.php\/pl\/komory-prozniowe\/#breadcrumb","itemListElement":[{"@type":"ListItem","position":1,"name":"Strona g\u0142\u00f3wna","item":"https:\/\/measline.com\/index.php\/pl\/"},{"@type":"ListItem","position":2,"name":"Komory pr\u00f3\u017cniowe"}]},{"@type":"WebSite","@id":"https:\/\/measline.com\/#website","url":"https:\/\/measline.com\/","name":"Measline","description":"Advanced solutions","publisher":{"@id":"https:\/\/measline.com\/#organization"},"potentialAction":[{"@type":"SearchAction","target":{"@type":"EntryPoint","urlTemplate":"https:\/\/measline.com\/?s={search_term_string}"},"query-input":{"@type":"PropertyValueSpecification","valueRequired":true,"valueName":"search_term_string"}}],"inLanguage":"pl-PL"},{"@type":"Organization","@id":"https:\/\/measline.com\/#organization","name":"Measline","url":"https:\/\/measline.com\/","logo":{"@type":"ImageObject","inLanguage":"pl-PL","@id":"https:\/\/measline.com\/#\/schema\/logo\/image\/","url":"https:\/\/measline.com\/wp-content\/uploads\/2021\/11\/logo_color_small.png.png","contentUrl":"https:\/\/measline.com\/wp-content\/uploads\/2021\/11\/logo_color_small.png.png","width":1000,"height":417,"caption":"Measline"},"image":{"@id":"https:\/\/measline.com\/#\/schema\/logo\/image\/"}}]}},"_links":{"self":[{"href":"https:\/\/measline.com\/index.php\/wp-json\/wp\/v2\/pages\/4945","targetHints":{"allow":["GET"]}}],"collection":[{"href":"https:\/\/measline.com\/index.php\/wp-json\/wp\/v2\/pages"}],"about":[{"href":"https:\/\/measline.com\/index.php\/wp-json\/wp\/v2\/types\/page"}],"author":[{"embeddable":true,"href":"https:\/\/measline.com\/index.php\/wp-json\/wp\/v2\/users\/2"}],"replies":[{"embeddable":true,"href":"https:\/\/measline.com\/index.php\/wp-json\/wp\/v2\/comments?post=4945"}],"version-history":[{"count":13,"href":"https:\/\/measline.com\/index.php\/wp-json\/wp\/v2\/pages\/4945\/revisions"}],"predecessor-version":[{"id":5347,"href":"https:\/\/measline.com\/index.php\/wp-json\/wp\/v2\/pages\/4945\/revisions\/5347"}],"wp:featuredmedia":[{"embeddable":true,"href":"https:\/\/measline.com\/index.php\/wp-json\/wp\/v2\/media\/4871"}],"wp:attachment":[{"href":"https:\/\/measline.com\/index.php\/wp-json\/wp\/v2\/media?parent=4945"}],"curies":[{"name":"wp","href":"https:\/\/api.w.org\/{rel}","templated":true}]}}